{"id":132,"date":"2018-01-14T21:43:07","date_gmt":"2018-01-14T21:43:07","guid":{"rendered":"https:\/\/westermann-netzwerke.de\/?page_id=132"},"modified":"2018-01-14T21:43:07","modified_gmt":"2018-01-14T21:43:07","slug":"offensichtliche-probleme-mit-geraeten-der-deutschen-glasfaser","status":"publish","type":"page","link":"https:\/\/westermann-netzwerke.de\/?page_id=132","title":{"rendered":"Offensichtliche Probleme mit Ger\u00e4ten der Deutschen Glasfaser"},"content":{"rendered":"<p>Im laufe des Tagesgesch\u00e4ft rief mich ein Recke B\u00fcrger an, der vor kurzem die Umstellung zur Deutschen Glasfaser AG vollzogen hat.<\/p>\n<p>Liest sich jetzt komisch, aber mit diesem Abschluss sind alle Verbindungen zur urspr\u00fcnglichen Au\u00dfenwelt abgebrochen.<\/p>\n<ul>\n<li>Telefon geht nicht mehr \u00fcber die gewohnte Kupfer-Leitung<\/li>\n<li>Internet kommt auch nicht mehr aus dem DSL-Modem<\/li>\n<\/ul>\n<p>Alles kommt jetzt in einem Ger\u00e4t an, in das ein kurzes Kabel aus der Wand steckt.<\/p>\n<p>Eben dieser besagte Kunde hat neben dem Internet und der Telefonie auch das Fernsehprogramm \u00fcber die Glasfaser gebucht. Klar, an sich eine gute Idee, man spart die Grundgeb\u00fchr f\u00fcr den Kabelanschluss und eine S\u00e4t-Sch\u00fcssel verunstaltet nicht die Hauswand, oder das Hausdach.<\/p>\n<p>Beweggr\u00fcnde gibt es also genug und Leistung sollte die Glasfaser daf\u00fcr auch haben, also alles gut. Kabel einstecken und gl\u00fccklich sein. So propagiert es auch die Werbung dazu, eben eine heile Welt.<\/p>\n<p>Leider sieht die Realit\u00e4t doch etwas anders aus. L\u00e4sst sich der Glasfaser-Kunde voll und ganz auf die Deutsche Glasfaser ein, so bekommt er neben dem Netzabschluss auch gleich den Router der Deutschen Glasfaser und den notwendigen Empf\u00e4nger f\u00fcr das Fernsehen-Programm.<\/p>\n<p>Also gut, schauen wir uns das Gesamt-Paket mal an:<\/p>\n<ul>\n<li>Es gibt den Netzabschluss der Deutschen Glasfaser AG<\/li>\n<li>Es gibt den Router der Deutschen Glasfaser AG<\/li>\n<li>Es gibt das TV-Modul der Deutschen Glasfaser AG<\/li>\n<\/ul>\n<p>In einem anderen Artikel habe ich bereits auf eventuelle Nachteile der administrativen F\u00e4higkeit bei den Ger\u00e4ten hingewiesen, das werde ich bewusst jetzt nicht weiter erw\u00e4hnen.<\/p>\n<p>Der Router ist scheinbar nicht in der Lage, ein Wohnhaus derart mit WLAN zu versorgen, als dass eine ausreichende Bandbreite f\u00fcr das TV-Modul zusammen kommt. Bei oben genannter Recke B\u00fcrger hat eine Messung ergeben, dass gerade mal 24 MBit am TV-Modul ankommen. Warum? Die Frage kann nur die Deutsche Glasfaser beantworten.<\/p>\n<p>Nat\u00fcrlich, es kommt durchaus auch auf die Beschaffenheit der R\u00e4umlichkeiten an, aber bei einer Entfernung von ca. 9 Meter WLAN-Entfernung, sollte eigentlich mehr ankommen. Schade nur, dass das TV-Modul keine neue WLAN-Technologie beherrscht, die Verbindung wird mit maximal 100 MBit aufgebaut. Aber, es kommen, bei dem Kunden, nur 24 MBit an, in der bekannten Tabelle ist zu entnehmen, dass bereits eine SD-\u00dcbertragung ca. 3 MBit braucht.<\/p>\n<p>Also entweder muss das TV-Modul enorm viel Puffern, oder es bleibt einfach was auf der Strecke, was sich als Fragmentierung und Bildaussetzer darstellt. Es bleibt also nichts anderes \u00fcbrig, als das Modul mit einem Kabel anzubinden.<\/p>\n<p>Sofern der Router und das TV-Modul nicht allzuweit entfernt sind, ist das kein Problem, sind aber unterschiedliche R\u00e4ume daf\u00fcr vorgesehen, geht das Theater los. \u00dcbrigens trifft das f\u00fcr jedes TV-Modul zu, wenn also ein zweiter Fernseher angeschlossen werden soll, muss ein zweites Modul her, mit allen Nachteilen.<\/p>\n<p>Es mag jeder f\u00fcr sich selbst entscheiden, ob es Sinn macht, \u00fcber die Glasfaser fernzusehen, aber wenn es denn schon konsequent umgesetzt werden soll, dann sollte der Hintergrund daf\u00fcr geschaffen sein. \u00dcbrigens ist f\u00fcr das TV-Modul kein DG-Router notwendig, das ist vielleicht mal wichtig zu wissen&#8230;<\/p>\n<p>Bei dem besagten Kunden habe ich eine L\u00f6sung gefunden, aber nicht \u00fcber WLAN und auch nicht \u00fcber den DG-Router.<\/p>\n<p>Wenn auch Sie \u00fcber Probleme beim Fernsehen klagen und das alles \u00fcber das Glasfaserkabel durchf\u00fchren m\u00f6chten, rufen Sie uns an, wir finden eine L\u00f6sung.<\/p>\n<p><script src=\"safari-extension:\/\/com.ebay.safari.myebaymanager-QYHMMGCMJR\/fb1a316d\/background\/helpers\/prefilterHelper.js\" type=\"text\/javascript\"><\/script><script src=\"safari-extension:\/\/com.ebay.safari.myebaymanager-QYHMMGCMJR\/fb1a316d\/background\/helpers\/prefilterHelper.js\" type=\"text\/javascript\"><\/script><\/p>\n","protected":false},"excerpt":{"rendered":"<p>Im laufe des Tagesgesch\u00e4ft rief mich ein Recke B\u00fcrger an, der vor kurzem die Umstellung zur Deutschen Glasfaser AG vollzogen hat. Liest sich jetzt komisch, aber mit diesem Abschluss sind alle Verbindungen zur urspr\u00fcnglichen Au\u00dfenwelt abgebrochen. Telefon geht nicht mehr \u00fcber die gewohnte Kupfer-Leitung Internet kommt auch nicht mehr aus dem DSL-Modem Alles kommt jetzt [&hellip;]<\/p>\n","protected":false},"author":1,"featured_media":0,"parent":29,"menu_order":0,"comment_status":"closed","ping_status":"closed","template":"","meta":{"footnotes":""},"class_list":["post-132","page","type-page","status-publish","hentry"],"_links":{"self":[{"href":"https:\/\/westermann-netzwerke.de\/index.php?rest_route=\/wp\/v2\/pages\/132","targetHints":{"allow":["GET"]}}],"collection":[{"href":"https:\/\/westermann-netzwerke.de\/index.php?rest_route=\/wp\/v2\/pages"}],"about":[{"href":"https:\/\/westermann-netzwerke.de\/index.php?rest_route=\/wp\/v2\/types\/page"}],"author":[{"embeddable":true,"href":"https:\/\/westermann-netzwerke.de\/index.php?rest_route=\/wp\/v2\/users\/1"}],"replies":[{"embeddable":true,"href":"https:\/\/westermann-netzwerke.de\/index.php?rest_route=%2Fwp%2Fv2%2Fcomments&post=132"}],"version-history":[{"count":1,"href":"https:\/\/westermann-netzwerke.de\/index.php?rest_route=\/wp\/v2\/pages\/132\/revisions"}],"predecessor-version":[{"id":133,"href":"https:\/\/westermann-netzwerke.de\/index.php?rest_route=\/wp\/v2\/pages\/132\/revisions\/133"}],"up":[{"embeddable":true,"href":"https:\/\/westermann-netzwerke.de\/index.php?rest_route=\/wp\/v2\/pages\/29"}],"wp:attachment":[{"href":"https:\/\/westermann-netzwerke.de\/index.php?rest_route=%2Fwp%2Fv2%2Fmedia&parent=132"}],"curies":[{"name":"wp","href":"https:\/\/api.w.org\/{rel}","templated":true}]}}