{"id":170,"date":"2018-12-08T08:33:19","date_gmt":"2018-12-08T08:33:19","guid":{"rendered":"https:\/\/westermann-netzwerke.de\/?page_id=170"},"modified":"2018-12-08T08:39:44","modified_gmt":"2018-12-08T08:39:44","slug":"erneut-ein-wechsel-zur-glasfaser","status":"publish","type":"page","link":"https:\/\/westermann-netzwerke.de\/?page_id=170","title":{"rendered":"Erneut ein Wechsel zur Glasfaser?"},"content":{"rendered":"\n<p>Nach wie vor halten wir die Technologie &#8222;Glasfaser&#8220; f\u00fcr das zuk\u00fcnftige Produkt, dass uns die notwendige Leistung bringen kann.<\/p>\n\n\n\n<p>W\u00fcrden wir noch einmal zu dem Produkt Glasfaser wechseln?<\/p>\n\n\n\n<p>Unter dem Aspekt, wie es bei dem Anbieter Deutsche Glasfaser passiert ist, ja. Es gibt nur weniges, was uns an der Umstellung gest\u00f6rt hat. Oder auch bei laufenden Umstellungen st\u00f6rt.<\/p>\n\n\n\n<p>Eines st\u00f6rt jedoch enorm, wobei das seitens der Deutschen Glasfaser, vermutlich, nur bedingt beeinflusst werden kann.<\/p>\n\n\n\n<p>Die Ausweisung der Anschlu\u00dfgebiete.<\/p>\n\n\n\n<p>Viele Gemeinden haben schlicht und ergreifend den ein oder anderen Stra\u00dfenzug vergessen einzuplanen, oder nicht richtig ausgewiesen. So bewohnt ein Hausbesitzer ein Eckgrundst\u00fcck, dass \u00fcber die eine Stra\u00dfenseite angeschlossen werden k\u00f6nnte, der Anschlu\u00df findet aber nicht statt, da seine postalische Adresse auf der Querstrasse gelistet ist.<\/p>\n\n\n\n<p>Gleiches gilt f\u00fcr gewerbliche Mischgebiete. Dort ist ein privater Anschlu\u00df nicht vorgesehen und wird dort auch nicht ausgebaut, egal ob der Grundst\u00fcckseigent\u00fcmer nun dort wohnt oder nur der Betrieb dort angesiedelt ist.<\/p>\n\n\n\n<p>Nat\u00fcrlich k\u00f6nnen alle Gewerbetreibende einen entsprechenden Anschlu\u00df beantragen und sicherlich wird dieser auch ausgebaut, aber mal ehrlich, einen Internetanschluss f\u00fcr mindestens 249 Euro muss erst einmal verdient werden und sich auch rentieren.<\/p>\n\n\n\n<p>Habe ich aber nur eine schwache DSL-Leitung von, vielleicht, 6 MBit und reicht dieser Anschlu\u00df eigentlich auch f\u00fcr das bisschen Email aus, warum sollte dann ein Anschluss f\u00fcr 250 Euro gebucht werden? Und, wie geschrieben, 250 Euro im Monat f\u00fcr einen Internet-Anschlu\u00df ist viel Geld&#8230;<\/p>\n\n\n\n<p>Klein und mittelst\u00e4ndische Unternehmen werden bei dem gesamten Ausbau h\u00e4ufig au\u00dfen vor gelassen.<\/p>\n\n\n\n<p>Ob das seitens der Gemeinden oder seitens der Deutschen Glasfaser nicht erw\u00fcnscht ist, k\u00f6nnen wir nicht beurteilen. Vielleicht ist auch einfach nur ein bisschen Kompromissbereitschaft notwendig&#8230;<\/p>\n","protected":false},"excerpt":{"rendered":"<p>Nach wie vor halten wir die Technologie &#8222;Glasfaser&#8220; f\u00fcr das zuk\u00fcnftige Produkt, dass uns die notwendige Leistung bringen kann. W\u00fcrden wir noch einmal zu dem Produkt Glasfaser wechseln? Unter dem Aspekt, wie es bei dem Anbieter Deutsche Glasfaser passiert ist, ja. Es gibt nur weniges, was uns an der Umstellung gest\u00f6rt hat. Oder auch bei [&hellip;]<\/p>\n","protected":false},"author":1,"featured_media":0,"parent":29,"menu_order":0,"comment_status":"closed","ping_status":"closed","template":"","meta":{"footnotes":""},"class_list":["post-170","page","type-page","status-publish","hentry"],"_links":{"self":[{"href":"https:\/\/westermann-netzwerke.de\/index.php?rest_route=\/wp\/v2\/pages\/170","targetHints":{"allow":["GET"]}}],"collection":[{"href":"https:\/\/westermann-netzwerke.de\/index.php?rest_route=\/wp\/v2\/pages"}],"about":[{"href":"https:\/\/westermann-netzwerke.de\/index.php?rest_route=\/wp\/v2\/types\/page"}],"author":[{"embeddable":true,"href":"https:\/\/westermann-netzwerke.de\/index.php?rest_route=\/wp\/v2\/users\/1"}],"replies":[{"embeddable":true,"href":"https:\/\/westermann-netzwerke.de\/index.php?rest_route=%2Fwp%2Fv2%2Fcomments&post=170"}],"version-history":[{"count":2,"href":"https:\/\/westermann-netzwerke.de\/index.php?rest_route=\/wp\/v2\/pages\/170\/revisions"}],"predecessor-version":[{"id":174,"href":"https:\/\/westermann-netzwerke.de\/index.php?rest_route=\/wp\/v2\/pages\/170\/revisions\/174"}],"up":[{"embeddable":true,"href":"https:\/\/westermann-netzwerke.de\/index.php?rest_route=\/wp\/v2\/pages\/29"}],"wp:attachment":[{"href":"https:\/\/westermann-netzwerke.de\/index.php?rest_route=%2Fwp%2Fv2%2Fmedia&parent=170"}],"curies":[{"name":"wp","href":"https:\/\/api.w.org\/{rel}","templated":true}]}}